{"id":1150,"date":"2022-12-03T17:00:08","date_gmt":"2022-12-03T16:00:08","guid":{"rendered":"https:\/\/anderskafka.cz\/eshop\/?post_type=product&#038;p=1150"},"modified":"2026-02-22T19:30:03","modified_gmt":"2026-02-22T18:30:03","slug":"rento-saunova-cepice","status":"publish","type":"product","link":"https:\/\/anderskafka.cz\/eshop\/produkt\/rento-saunova-cepice\/","title":{"rendered":"RENTO saunov\u00e1 \u010depice"},"content":{"rendered":"<p>Pl\u00e1t\u011bn\u00e1 frot\u00e9 \u010depice do sauny chr\u00e1n\u00ed vlasy a poko\u017eku hlavy p\u0159ed horkem ze sauny. V zim\u011b udr\u017euje saunov\u00e1 \u010depice i hlavu v teple ve v\u00ed\u0159ivce.<br \/>\nB\u011b\u017en\u00e9 pran\u00ed na 60 stup\u0148\u016f. \u017dehlete na vysokou teplotu. Neb\u011blit. Nesu\u0161te v su\u0161i\u010dce.<br \/>\nFinsk\u00e1 kvalita.<\/p>\n","protected":false},"excerpt":{"rendered":"<p>Pl\u00e1t\u011bn\u00e1 frot\u00e9 \u010depice do sauny chr\u00e1n\u00ed vlasy a poko\u017eku hlavy p\u0159ed horkem ze sauny. V zim\u011b udr\u017euje saunov\u00e1 \u010depice i hlavu v teple ve v\u00ed\u0159ivce.<br \/>\nNavr\u017eeno ve Finsku, specialistou na saunov\u00e9 dopl\u0148ky spole\u010dnost\u00ed RENTO.<img loading=\"lazy\" class=\"wp-image-135 aligncenter\" src=\"https:\/\/anderskafka.cz\/eshop\/wp-content\/uploads\/sites\/3\/2022\/06\/DesignFromFinland_web-1-300x300.png\" alt=\"\" width=\"178\" height=\"178\" \/><\/p>\n","protected":false},"featured_media":858,"comment_status":"open","ping_status":"closed","template":"","meta":{"site-sidebar-layout":"default","site-content-layout":"default","ast-main-header-display":"","ast-hfb-above-header-display":"","ast-hfb-below-header-display":"","ast-hfb-mobile-header-display":"","site-post-title":"","ast-breadcrumbs-content":"","ast-featured-img":"","footer-sml-layout":"","theme-transparent-header-meta":"","adv-header-id-meta":"","stick-header-meta":"","header-above-stick-meta":"","header-main-stick-meta":"","header-below-stick-meta":""},"location":[],"product_cat":[1673,1640,34],"product_tag":[103],"yoast_head":"<!-- This site is optimized with the Yoast SEO plugin v18.5.1 - https:\/\/yoast.com\/wordpress\/plugins\/seo\/ -->\n<title>RENTO saunov\u00e1 \u010depice - Anders &amp; Kafka E-SHOP<\/title>\n<meta name=\"description\" content=\"Pl\u00e1t\u011bn\u00e1 frot\u00e9 \u010depice do sauny chr\u00e1n\u00ed vlasy a poko\u017eku hlavy p\u0159ed horkem ze sauny. V zim\u011b udr\u017euje saunov\u00e1 \u010depice i hlavu v teple ve v\u00ed\u0159ivce. Navr\u017eeno ve Finsku, specialistou na saunov\u00e9 dopl\u0148ky spole\u010dnost\u00ed RENTO.\" \/>\n<meta name=\"robots\" content=\"index, follow, max-snippet:-1, max-image-preview:large, max-video-preview:-1\" \/>\n<link rel=\"canonical\" href=\"https:\/\/anderskafka.cz\/eshop\/produkt\/rento-saunova-cepice\/\" \/>\n<meta property=\"og:locale\" content=\"cs_CZ\" \/>\n<meta property=\"og:type\" content=\"article\" \/>\n<meta property=\"og:title\" content=\"RENTO saunov\u00e1 \u010depice - Anders &amp; Kafka E-SHOP\" \/>\n<meta property=\"og:description\" content=\"Pl\u00e1t\u011bn\u00e1 frot\u00e9 \u010depice do sauny chr\u00e1n\u00ed vlasy a poko\u017eku hlavy p\u0159ed horkem ze sauny. V zim\u011b udr\u017euje saunov\u00e1 \u010depice i hlavu v teple ve v\u00ed\u0159ivce. Navr\u017eeno ve Finsku, specialistou na saunov\u00e9 dopl\u0148ky spole\u010dnost\u00ed RENTO.\" \/>\n<meta property=\"og:url\" content=\"https:\/\/anderskafka.cz\/eshop\/produkt\/rento-saunova-cepice\/\" \/>\n<meta property=\"og:site_name\" content=\"Anders &amp; Kafka E-SHOP\" \/>\n<meta property=\"article:modified_time\" content=\"2026-02-22T18:30:03+00:00\" \/>\n<meta property=\"og:image\" content=\"https:\/\/anderskafka.cz\/eshop\/wp-content\/uploads\/sites\/3\/2022\/12\/6410412850454_2_N.jpg\" \/>\n\t<meta property=\"og:image:width\" content=\"700\" \/>\n\t<meta property=\"og:image:height\" content=\"700\" \/>\n\t<meta property=\"og:image:type\" content=\"image\/jpeg\" \/>\n<meta name=\"twitter:card\" content=\"summary_large_image\" \/>\n<script type=\"application\/ld+json\" class=\"yoast-schema-graph\">{\"@context\":\"https:\/\/schema.org\",\"@graph\":[{\"@type\":\"WebSite\",\"@id\":\"https:\/\/anderskafka.cz\/eshop\/#website\",\"url\":\"https:\/\/anderskafka.cz\/eshop\/\",\"name\":\"Anders &amp; Kafka E-SHOP\",\"description\":\"Anders &amp; Kafka E-SHOP\",\"potentialAction\":[{\"@type\":\"SearchAction\",\"target\":{\"@type\":\"EntryPoint\",\"urlTemplate\":\"https:\/\/anderskafka.cz\/eshop\/?s={search_term_string}\"},\"query-input\":\"required name=search_term_string\"}],\"inLanguage\":\"cs\"},{\"@type\":\"ImageObject\",\"@id\":\"https:\/\/anderskafka.cz\/eshop\/produkt\/rento-saunova-cepice\/#primaryimage\",\"inLanguage\":\"cs\",\"url\":\"https:\/\/anderskafka.cz\/eshop\/wp-content\/uploads\/sites\/3\/2022\/12\/6410412850454_2_N.jpg\",\"contentUrl\":\"https:\/\/anderskafka.cz\/eshop\/wp-content\/uploads\/sites\/3\/2022\/12\/6410412850454_2_N.jpg\",\"width\":700,\"height\":700},{\"@type\":\"WebPage\",\"@id\":\"https:\/\/anderskafka.cz\/eshop\/produkt\/rento-saunova-cepice\/#webpage\",\"url\":\"https:\/\/anderskafka.cz\/eshop\/produkt\/rento-saunova-cepice\/\",\"name\":\"RENTO saunov\u00e1 \u010depice - Anders &amp; Kafka E-SHOP\",\"isPartOf\":{\"@id\":\"https:\/\/anderskafka.cz\/eshop\/#website\"},\"primaryImageOfPage\":{\"@id\":\"https:\/\/anderskafka.cz\/eshop\/produkt\/rento-saunova-cepice\/#primaryimage\"},\"datePublished\":\"2022-12-03T16:00:08+00:00\",\"dateModified\":\"2026-02-22T18:30:03+00:00\",\"description\":\"Pl\u00e1t\u011bn\u00e1 frot\u00e9 \u010depice do sauny chr\u00e1n\u00ed vlasy a poko\u017eku hlavy p\u0159ed horkem ze sauny. V zim\u011b udr\u017euje saunov\u00e1 \u010depice i hlavu v teple ve v\u00ed\u0159ivce. Navr\u017eeno ve Finsku, specialistou na saunov\u00e9 dopl\u0148ky spole\u010dnost\u00ed RENTO.\",\"breadcrumb\":{\"@id\":\"https:\/\/anderskafka.cz\/eshop\/produkt\/rento-saunova-cepice\/#breadcrumb\"},\"inLanguage\":\"cs\",\"potentialAction\":[{\"@type\":\"ReadAction\",\"target\":[\"https:\/\/anderskafka.cz\/eshop\/produkt\/rento-saunova-cepice\/\"]}]},{\"@type\":\"BreadcrumbList\",\"@id\":\"https:\/\/anderskafka.cz\/eshop\/produkt\/rento-saunova-cepice\/#breadcrumb\",\"itemListElement\":[{\"@type\":\"ListItem\",\"position\":1,\"name\":\"Obchod\",\"item\":\"https:\/\/anderskafka.cz\/eshop\/obchod\/\"},{\"@type\":\"ListItem\",\"position\":2,\"name\":\"RENTO saunov\u00e1 \u010depice\"}]}]}<\/script>\n<!-- \/ Yoast SEO plugin. -->","yoast_head_json":{"title":"RENTO saunov\u00e1 \u010depice - Anders &amp; Kafka E-SHOP","description":"Pl\u00e1t\u011bn\u00e1 frot\u00e9 \u010depice do sauny chr\u00e1n\u00ed vlasy a poko\u017eku hlavy p\u0159ed horkem ze sauny. V zim\u011b udr\u017euje saunov\u00e1 \u010depice i hlavu v teple ve v\u00ed\u0159ivce. Navr\u017eeno ve Finsku, specialistou na saunov\u00e9 dopl\u0148ky spole\u010dnost\u00ed RENTO.","robots":{"index":"index","follow":"follow","max-snippet":"max-snippet:-1","max-image-preview":"max-image-preview:large","max-video-preview":"max-video-preview:-1"},"canonical":"https:\/\/anderskafka.cz\/eshop\/produkt\/rento-saunova-cepice\/","og_locale":"cs_CZ","og_type":"article","og_title":"RENTO saunov\u00e1 \u010depice - Anders &amp; Kafka E-SHOP","og_description":"Pl\u00e1t\u011bn\u00e1 frot\u00e9 \u010depice do sauny chr\u00e1n\u00ed vlasy a poko\u017eku hlavy p\u0159ed horkem ze sauny. V zim\u011b udr\u017euje saunov\u00e1 \u010depice i hlavu v teple ve v\u00ed\u0159ivce. Navr\u017eeno ve Finsku, specialistou na saunov\u00e9 dopl\u0148ky spole\u010dnost\u00ed RENTO.","og_url":"https:\/\/anderskafka.cz\/eshop\/produkt\/rento-saunova-cepice\/","og_site_name":"Anders &amp; Kafka E-SHOP","article_modified_time":"2026-02-22T18:30:03+00:00","og_image":[{"width":700,"height":700,"url":"https:\/\/anderskafka.cz\/eshop\/wp-content\/uploads\/sites\/3\/2022\/12\/6410412850454_2_N.jpg","type":"image\/jpeg"}],"twitter_card":"summary_large_image","schema":{"@context":"https:\/\/schema.org","@graph":[{"@type":"WebSite","@id":"https:\/\/anderskafka.cz\/eshop\/#website","url":"https:\/\/anderskafka.cz\/eshop\/","name":"Anders &amp; Kafka E-SHOP","description":"Anders &amp; Kafka E-SHOP","potentialAction":[{"@type":"SearchAction","target":{"@type":"EntryPoint","urlTemplate":"https:\/\/anderskafka.cz\/eshop\/?s={search_term_string}"},"query-input":"required name=search_term_string"}],"inLanguage":"cs"},{"@type":"ImageObject","@id":"https:\/\/anderskafka.cz\/eshop\/produkt\/rento-saunova-cepice\/#primaryimage","inLanguage":"cs","url":"https:\/\/anderskafka.cz\/eshop\/wp-content\/uploads\/sites\/3\/2022\/12\/6410412850454_2_N.jpg","contentUrl":"https:\/\/anderskafka.cz\/eshop\/wp-content\/uploads\/sites\/3\/2022\/12\/6410412850454_2_N.jpg","width":700,"height":700},{"@type":"WebPage","@id":"https:\/\/anderskafka.cz\/eshop\/produkt\/rento-saunova-cepice\/#webpage","url":"https:\/\/anderskafka.cz\/eshop\/produkt\/rento-saunova-cepice\/","name":"RENTO saunov\u00e1 \u010depice - Anders &amp; Kafka E-SHOP","isPartOf":{"@id":"https:\/\/anderskafka.cz\/eshop\/#website"},"primaryImageOfPage":{"@id":"https:\/\/anderskafka.cz\/eshop\/produkt\/rento-saunova-cepice\/#primaryimage"},"datePublished":"2022-12-03T16:00:08+00:00","dateModified":"2026-02-22T18:30:03+00:00","description":"Pl\u00e1t\u011bn\u00e1 frot\u00e9 \u010depice do sauny chr\u00e1n\u00ed vlasy a poko\u017eku hlavy p\u0159ed horkem ze sauny. V zim\u011b udr\u017euje saunov\u00e1 \u010depice i hlavu v teple ve v\u00ed\u0159ivce. Navr\u017eeno ve Finsku, specialistou na saunov\u00e9 dopl\u0148ky spole\u010dnost\u00ed RENTO.","breadcrumb":{"@id":"https:\/\/anderskafka.cz\/eshop\/produkt\/rento-saunova-cepice\/#breadcrumb"},"inLanguage":"cs","potentialAction":[{"@type":"ReadAction","target":["https:\/\/anderskafka.cz\/eshop\/produkt\/rento-saunova-cepice\/"]}]},{"@type":"BreadcrumbList","@id":"https:\/\/anderskafka.cz\/eshop\/produkt\/rento-saunova-cepice\/#breadcrumb","itemListElement":[{"@type":"ListItem","position":1,"name":"Obchod","item":"https:\/\/anderskafka.cz\/eshop\/obchod\/"},{"@type":"ListItem","position":2,"name":"RENTO saunov\u00e1 \u010depice"}]}]}},"locations":[],"_links":{"self":[{"href":"https:\/\/anderskafka.cz\/eshop\/wp-json\/wp\/v2\/product\/1150"}],"collection":[{"href":"https:\/\/anderskafka.cz\/eshop\/wp-json\/wp\/v2\/product"}],"about":[{"href":"https:\/\/anderskafka.cz\/eshop\/wp-json\/wp\/v2\/types\/product"}],"replies":[{"embeddable":true,"href":"https:\/\/anderskafka.cz\/eshop\/wp-json\/wp\/v2\/comments?post=1150"}],"wp:featuredmedia":[{"embeddable":true,"href":"https:\/\/anderskafka.cz\/eshop\/wp-json\/wp\/v2\/media\/858"}],"wp:attachment":[{"href":"https:\/\/anderskafka.cz\/eshop\/wp-json\/wp\/v2\/media?parent=1150"}],"wp:term":[{"taxonomy":"location","embeddable":true,"href":"https:\/\/anderskafka.cz\/eshop\/wp-json\/wp\/v2\/location?post=1150"},{"taxonomy":"product_cat","embeddable":true,"href":"https:\/\/anderskafka.cz\/eshop\/wp-json\/wp\/v2\/product_cat?post=1150"},{"taxonomy":"product_tag","embeddable":true,"href":"https:\/\/anderskafka.cz\/eshop\/wp-json\/wp\/v2\/product_tag?post=1150"}],"curies":[{"name":"wp","href":"https:\/\/api.w.org\/{rel}","templated":true}]}}