{"id":2450,"date":"2023-03-23T21:52:03","date_gmt":"2023-03-23T20:52:03","guid":{"rendered":"https:\/\/anderskafka.cz\/eshop\/?post_type=product&#038;p=2450"},"modified":"2026-02-16T09:40:32","modified_gmt":"2026-02-16T08:40:32","slug":"halu-nastavitelna-operka-hlavy-a-zad-do-sauny-z-osiky","status":"publish","type":"product","link":"https:\/\/anderskafka.cz\/eshop\/produkt\/halu-nastavitelna-operka-hlavy-a-zad-do-sauny-z-osiky\/","title":{"rendered":"HALU nastaviteln\u00e1 op\u011brka hlavy a zad do sauny z osiky"},"content":{"rendered":"<p>Pohodln\u00e1 a kr\u00e1sn\u011b zpracovan\u00e1 nastaviteln\u00e1 op\u011brka hlavy a zad nejen do sauny z masivu d\u0159eviny osika. Op\u011brka je speci\u00e1ln\u011b navr\u017eena pro p\u0159\u00edjemnou podp\u011bru hlavy a zad pomoc\u00ed \u0161esti nastaviteln\u00fdch podp\u011brek, z nich\u017e dv\u011b hlavov\u00e9 se daji nastavit i v\u00fd\u0161kov\u011b a p\u0159in\u00e1\u0161\u00ed pocit naprost\u00e9 relaxace. Tato ergonomick\u00e1 op\u011brka je nepostradateln\u00fdm dopl\u0148kem ka\u017ed\u00e9 sauny a zabezpe\u010d\u00ed pohodln\u011bj\u0161\u00ed saunov\u00e1n\u00ed p\u0159i ide\u00e1ln\u00edm podep\u0159en\u00ed hlavy a zad, co\u017e napom\u00e1h\u00e1 celkov\u00e9mu uvoln\u011bn\u00ed t\u011bla p\u0159i saunov\u00e1n\u00ed.<\/p>\n","protected":false},"excerpt":{"rendered":"<p>Ergonomick\u00e1, nastaviteln\u00e1 op\u011brka hlavy a zad nejen do sauny z masivu d\u0159eviny osika. Op\u011brka je speci\u00e1ln\u011b navr\u017eena pro p\u0159\u00edjemnou podp\u011bru hlavy a zad pomoc\u00ed \u0161esti nastaviteln\u00fdch podp\u011brek, z nich\u017e dv\u011b hlavov\u00e9 se daji nastavit i v\u00fd\u0161kov\u011b a p\u0159in\u00e1\u0161\u00ed pocit naprost\u00e9 relaxace.<\/p>\n<p>&nbsp;<\/p>\n","protected":false},"featured_media":9438,"comment_status":"open","ping_status":"closed","template":"","meta":{"site-sidebar-layout":"default","site-content-layout":"default","ast-main-header-display":"","ast-hfb-above-header-display":"","ast-hfb-below-header-display":"","ast-hfb-mobile-header-display":"","site-post-title":"","ast-breadcrumbs-content":"","ast-featured-img":"","footer-sml-layout":"","theme-transparent-header-meta":"","adv-header-id-meta":"","stick-header-meta":"","header-above-stick-meta":"","header-main-stick-meta":"","header-below-stick-meta":""},"location":[],"product_cat":[105],"product_tag":[744],"yoast_head":"<!-- This site is optimized with the Yoast SEO plugin v18.5.1 - https:\/\/yoast.com\/wordpress\/plugins\/seo\/ -->\n<title>HALU nastaviteln\u00e1 op\u011brka hlavy a zad do sauny z osiky - Anders &amp; Kafka E-SHOP<\/title>\n<meta name=\"description\" content=\"Ergonomick\u00e1, nastaviteln\u00e1 op\u011brka hlavy a zad nejen do sauny z masivu d\u0159eviny osika. Op\u011brka je speci\u00e1ln\u011b navr\u017eena pro p\u0159\u00edjemnou podp\u011bru hlavy a zad pomoc\u00ed \u0161esti nastaviteln\u00fdch podp\u011brek, z nich\u017e dv\u011b hlavov\u00e9 se daji nastavit i v\u00fd\u0161kov\u011b a p\u0159in\u00e1\u0161\u00ed pocit naprost\u00e9 relaxace.  &nbsp;\" \/>\n<meta name=\"robots\" content=\"index, follow, max-snippet:-1, max-image-preview:large, max-video-preview:-1\" \/>\n<link rel=\"canonical\" href=\"https:\/\/anderskafka.cz\/eshop\/produkt\/halu-nastavitelna-operka-hlavy-a-zad-do-sauny-z-osiky\/\" \/>\n<meta property=\"og:locale\" content=\"cs_CZ\" \/>\n<meta property=\"og:type\" content=\"article\" \/>\n<meta property=\"og:title\" content=\"HALU nastaviteln\u00e1 op\u011brka hlavy a zad do sauny z osiky - Anders &amp; Kafka E-SHOP\" \/>\n<meta property=\"og:description\" content=\"Ergonomick\u00e1, nastaviteln\u00e1 op\u011brka hlavy a zad nejen do sauny z masivu d\u0159eviny osika. Op\u011brka je speci\u00e1ln\u011b navr\u017eena pro p\u0159\u00edjemnou podp\u011bru hlavy a zad pomoc\u00ed \u0161esti nastaviteln\u00fdch podp\u011brek, z nich\u017e dv\u011b hlavov\u00e9 se daji nastavit i v\u00fd\u0161kov\u011b a p\u0159in\u00e1\u0161\u00ed pocit naprost\u00e9 relaxace.  &nbsp;\" \/>\n<meta property=\"og:url\" content=\"https:\/\/anderskafka.cz\/eshop\/produkt\/halu-nastavitelna-operka-hlavy-a-zad-do-sauny-z-osiky\/\" \/>\n<meta property=\"og:site_name\" content=\"Anders &amp; Kafka E-SHOP\" \/>\n<meta property=\"article:modified_time\" content=\"2026-02-16T08:40:32+00:00\" \/>\n<meta property=\"og:image\" content=\"https:\/\/anderskafka.cz\/eshop\/wp-content\/uploads\/sites\/3\/2023\/03\/HALU-nastavitelna-operka-hlavy-a-zad-do-sauny-z-osiky.jpg\" \/>\n\t<meta property=\"og:image:width\" content=\"1500\" \/>\n\t<meta property=\"og:image:height\" content=\"1500\" \/>\n\t<meta property=\"og:image:type\" content=\"image\/jpeg\" \/>\n<meta name=\"twitter:card\" content=\"summary_large_image\" \/>\n<meta name=\"twitter:label1\" content=\"Odhadovan\u00e1 doba \u010dten\u00ed\" \/>\n\t<meta name=\"twitter:data1\" content=\"1 minuta\" \/>\n<script type=\"application\/ld+json\" class=\"yoast-schema-graph\">{\"@context\":\"https:\/\/schema.org\",\"@graph\":[{\"@type\":\"WebSite\",\"@id\":\"https:\/\/anderskafka.cz\/eshop\/#website\",\"url\":\"https:\/\/anderskafka.cz\/eshop\/\",\"name\":\"Anders &amp; Kafka E-SHOP\",\"description\":\"Anders &amp; Kafka E-SHOP\",\"potentialAction\":[{\"@type\":\"SearchAction\",\"target\":{\"@type\":\"EntryPoint\",\"urlTemplate\":\"https:\/\/anderskafka.cz\/eshop\/?s={search_term_string}\"},\"query-input\":\"required name=search_term_string\"}],\"inLanguage\":\"cs\"},{\"@type\":\"ImageObject\",\"@id\":\"https:\/\/anderskafka.cz\/eshop\/produkt\/halu-nastavitelna-operka-hlavy-a-zad-do-sauny-z-osiky\/#primaryimage\",\"inLanguage\":\"cs\",\"url\":\"https:\/\/anderskafka.cz\/eshop\/wp-content\/uploads\/sites\/3\/2023\/03\/HALU-nastavitelna-operka-hlavy-a-zad-do-sauny-z-osiky.jpg\",\"contentUrl\":\"https:\/\/anderskafka.cz\/eshop\/wp-content\/uploads\/sites\/3\/2023\/03\/HALU-nastavitelna-operka-hlavy-a-zad-do-sauny-z-osiky.jpg\",\"width\":1500,\"height\":1500},{\"@type\":\"WebPage\",\"@id\":\"https:\/\/anderskafka.cz\/eshop\/produkt\/halu-nastavitelna-operka-hlavy-a-zad-do-sauny-z-osiky\/#webpage\",\"url\":\"https:\/\/anderskafka.cz\/eshop\/produkt\/halu-nastavitelna-operka-hlavy-a-zad-do-sauny-z-osiky\/\",\"name\":\"HALU nastaviteln\u00e1 op\u011brka hlavy a zad do sauny z osiky - Anders &amp; Kafka E-SHOP\",\"isPartOf\":{\"@id\":\"https:\/\/anderskafka.cz\/eshop\/#website\"},\"primaryImageOfPage\":{\"@id\":\"https:\/\/anderskafka.cz\/eshop\/produkt\/halu-nastavitelna-operka-hlavy-a-zad-do-sauny-z-osiky\/#primaryimage\"},\"datePublished\":\"2023-03-23T20:52:03+00:00\",\"dateModified\":\"2026-02-16T08:40:32+00:00\",\"description\":\"Ergonomick\u00e1, nastaviteln\u00e1 op\u011brka hlavy a zad nejen do sauny z masivu d\u0159eviny osika. Op\u011brka je speci\u00e1ln\u011b navr\u017eena pro p\u0159\u00edjemnou podp\u011bru hlavy a zad pomoc\u00ed \u0161esti nastaviteln\u00fdch podp\u011brek, z nich\u017e dv\u011b hlavov\u00e9 se daji nastavit i v\u00fd\u0161kov\u011b a p\u0159in\u00e1\u0161\u00ed pocit naprost\u00e9 relaxace. &nbsp;\",\"breadcrumb\":{\"@id\":\"https:\/\/anderskafka.cz\/eshop\/produkt\/halu-nastavitelna-operka-hlavy-a-zad-do-sauny-z-osiky\/#breadcrumb\"},\"inLanguage\":\"cs\",\"potentialAction\":[{\"@type\":\"ReadAction\",\"target\":[\"https:\/\/anderskafka.cz\/eshop\/produkt\/halu-nastavitelna-operka-hlavy-a-zad-do-sauny-z-osiky\/\"]}]},{\"@type\":\"BreadcrumbList\",\"@id\":\"https:\/\/anderskafka.cz\/eshop\/produkt\/halu-nastavitelna-operka-hlavy-a-zad-do-sauny-z-osiky\/#breadcrumb\",\"itemListElement\":[{\"@type\":\"ListItem\",\"position\":1,\"name\":\"Obchod\",\"item\":\"https:\/\/anderskafka.cz\/eshop\/obchod\/\"},{\"@type\":\"ListItem\",\"position\":2,\"name\":\"HALU nastaviteln\u00e1 op\u011brka hlavy a zad do sauny z osiky\"}]}]}<\/script>\n<!-- \/ Yoast SEO plugin. -->","yoast_head_json":{"title":"HALU nastaviteln\u00e1 op\u011brka hlavy a zad do sauny z osiky - Anders &amp; Kafka E-SHOP","description":"Ergonomick\u00e1, nastaviteln\u00e1 op\u011brka hlavy a zad nejen do sauny z masivu d\u0159eviny osika. Op\u011brka je speci\u00e1ln\u011b navr\u017eena pro p\u0159\u00edjemnou podp\u011bru hlavy a zad pomoc\u00ed \u0161esti nastaviteln\u00fdch podp\u011brek, z nich\u017e dv\u011b hlavov\u00e9 se daji nastavit i v\u00fd\u0161kov\u011b a p\u0159in\u00e1\u0161\u00ed pocit naprost\u00e9 relaxace.  &nbsp;","robots":{"index":"index","follow":"follow","max-snippet":"max-snippet:-1","max-image-preview":"max-image-preview:large","max-video-preview":"max-video-preview:-1"},"canonical":"https:\/\/anderskafka.cz\/eshop\/produkt\/halu-nastavitelna-operka-hlavy-a-zad-do-sauny-z-osiky\/","og_locale":"cs_CZ","og_type":"article","og_title":"HALU nastaviteln\u00e1 op\u011brka hlavy a zad do sauny z osiky - Anders &amp; Kafka E-SHOP","og_description":"Ergonomick\u00e1, nastaviteln\u00e1 op\u011brka hlavy a zad nejen do sauny z masivu d\u0159eviny osika. Op\u011brka je speci\u00e1ln\u011b navr\u017eena pro p\u0159\u00edjemnou podp\u011bru hlavy a zad pomoc\u00ed \u0161esti nastaviteln\u00fdch podp\u011brek, z nich\u017e dv\u011b hlavov\u00e9 se daji nastavit i v\u00fd\u0161kov\u011b a p\u0159in\u00e1\u0161\u00ed pocit naprost\u00e9 relaxace.  &nbsp;","og_url":"https:\/\/anderskafka.cz\/eshop\/produkt\/halu-nastavitelna-operka-hlavy-a-zad-do-sauny-z-osiky\/","og_site_name":"Anders &amp; Kafka E-SHOP","article_modified_time":"2026-02-16T08:40:32+00:00","og_image":[{"width":1500,"height":1500,"url":"https:\/\/anderskafka.cz\/eshop\/wp-content\/uploads\/sites\/3\/2023\/03\/HALU-nastavitelna-operka-hlavy-a-zad-do-sauny-z-osiky.jpg","type":"image\/jpeg"}],"twitter_card":"summary_large_image","twitter_misc":{"Odhadovan\u00e1 doba \u010dten\u00ed":"1 minuta"},"schema":{"@context":"https:\/\/schema.org","@graph":[{"@type":"WebSite","@id":"https:\/\/anderskafka.cz\/eshop\/#website","url":"https:\/\/anderskafka.cz\/eshop\/","name":"Anders &amp; Kafka E-SHOP","description":"Anders &amp; Kafka E-SHOP","potentialAction":[{"@type":"SearchAction","target":{"@type":"EntryPoint","urlTemplate":"https:\/\/anderskafka.cz\/eshop\/?s={search_term_string}"},"query-input":"required name=search_term_string"}],"inLanguage":"cs"},{"@type":"ImageObject","@id":"https:\/\/anderskafka.cz\/eshop\/produkt\/halu-nastavitelna-operka-hlavy-a-zad-do-sauny-z-osiky\/#primaryimage","inLanguage":"cs","url":"https:\/\/anderskafka.cz\/eshop\/wp-content\/uploads\/sites\/3\/2023\/03\/HALU-nastavitelna-operka-hlavy-a-zad-do-sauny-z-osiky.jpg","contentUrl":"https:\/\/anderskafka.cz\/eshop\/wp-content\/uploads\/sites\/3\/2023\/03\/HALU-nastavitelna-operka-hlavy-a-zad-do-sauny-z-osiky.jpg","width":1500,"height":1500},{"@type":"WebPage","@id":"https:\/\/anderskafka.cz\/eshop\/produkt\/halu-nastavitelna-operka-hlavy-a-zad-do-sauny-z-osiky\/#webpage","url":"https:\/\/anderskafka.cz\/eshop\/produkt\/halu-nastavitelna-operka-hlavy-a-zad-do-sauny-z-osiky\/","name":"HALU nastaviteln\u00e1 op\u011brka hlavy a zad do sauny z osiky - Anders &amp; Kafka E-SHOP","isPartOf":{"@id":"https:\/\/anderskafka.cz\/eshop\/#website"},"primaryImageOfPage":{"@id":"https:\/\/anderskafka.cz\/eshop\/produkt\/halu-nastavitelna-operka-hlavy-a-zad-do-sauny-z-osiky\/#primaryimage"},"datePublished":"2023-03-23T20:52:03+00:00","dateModified":"2026-02-16T08:40:32+00:00","description":"Ergonomick\u00e1, nastaviteln\u00e1 op\u011brka hlavy a zad nejen do sauny z masivu d\u0159eviny osika. Op\u011brka je speci\u00e1ln\u011b navr\u017eena pro p\u0159\u00edjemnou podp\u011bru hlavy a zad pomoc\u00ed \u0161esti nastaviteln\u00fdch podp\u011brek, z nich\u017e dv\u011b hlavov\u00e9 se daji nastavit i v\u00fd\u0161kov\u011b a p\u0159in\u00e1\u0161\u00ed pocit naprost\u00e9 relaxace. &nbsp;","breadcrumb":{"@id":"https:\/\/anderskafka.cz\/eshop\/produkt\/halu-nastavitelna-operka-hlavy-a-zad-do-sauny-z-osiky\/#breadcrumb"},"inLanguage":"cs","potentialAction":[{"@type":"ReadAction","target":["https:\/\/anderskafka.cz\/eshop\/produkt\/halu-nastavitelna-operka-hlavy-a-zad-do-sauny-z-osiky\/"]}]},{"@type":"BreadcrumbList","@id":"https:\/\/anderskafka.cz\/eshop\/produkt\/halu-nastavitelna-operka-hlavy-a-zad-do-sauny-z-osiky\/#breadcrumb","itemListElement":[{"@type":"ListItem","position":1,"name":"Obchod","item":"https:\/\/anderskafka.cz\/eshop\/obchod\/"},{"@type":"ListItem","position":2,"name":"HALU nastaviteln\u00e1 op\u011brka hlavy a zad do sauny z osiky"}]}]}},"locations":[],"_links":{"self":[{"href":"https:\/\/anderskafka.cz\/eshop\/wp-json\/wp\/v2\/product\/2450"}],"collection":[{"href":"https:\/\/anderskafka.cz\/eshop\/wp-json\/wp\/v2\/product"}],"about":[{"href":"https:\/\/anderskafka.cz\/eshop\/wp-json\/wp\/v2\/types\/product"}],"replies":[{"embeddable":true,"href":"https:\/\/anderskafka.cz\/eshop\/wp-json\/wp\/v2\/comments?post=2450"}],"wp:featuredmedia":[{"embeddable":true,"href":"https:\/\/anderskafka.cz\/eshop\/wp-json\/wp\/v2\/media\/9438"}],"wp:attachment":[{"href":"https:\/\/anderskafka.cz\/eshop\/wp-json\/wp\/v2\/media?parent=2450"}],"wp:term":[{"taxonomy":"location","embeddable":true,"href":"https:\/\/anderskafka.cz\/eshop\/wp-json\/wp\/v2\/location?post=2450"},{"taxonomy":"product_cat","embeddable":true,"href":"https:\/\/anderskafka.cz\/eshop\/wp-json\/wp\/v2\/product_cat?post=2450"},{"taxonomy":"product_tag","embeddable":true,"href":"https:\/\/anderskafka.cz\/eshop\/wp-json\/wp\/v2\/product_tag?post=2450"}],"curies":[{"name":"wp","href":"https:\/\/api.w.org\/{rel}","templated":true}]}}