{"id":3331,"date":"2023-05-09T16:13:15","date_gmt":"2023-05-09T14:13:15","guid":{"rendered":"https:\/\/anderskafka.cz\/eshop\/?post_type=product&#038;p=3331"},"modified":"2026-04-19T23:47:51","modified_gmt":"2026-04-19T21:47:51","slug":"pojizdny-kryt-virivky-vcetne-kvalitni-izolace","status":"publish","type":"product","link":"https:\/\/anderskafka.cz\/eshop\/produkt\/pojizdny-kryt-virivky-vcetne-kvalitni-izolace\/","title":{"rendered":"poj\u00edzdn\u00fd, pochoz\u00ed a zateplen\u00fd kryt v\u00ed\u0159ivky DROP \u2013 v\u010detn\u011b mont\u00e1\u017ee a instalace"},"content":{"rendered":"<div class=\"et_pb_column et_pb_column_1_2 et_pb_column_2 et_pb_css_mix_blend_mode_passthrough\">\n<div class=\"et_pb_module et_pb_text et_pb_text_2 et_pb_text_align_left et_pb_bg_layout_light\">\n<div class=\"et_pb_text_inner\">\n<p><strong>Plnohodnotn\u00e1 poj\u00edzdn\u00e1 terasa<\/strong>, kter\u00e1 nejen zast\u0159e\u0161\u00ed a zatepl\u00ed v\u00ed\u0159ivku, ale d\u00edky sv\u00e9 nosnosti umo\u017e\u0148uje vyu\u017eit\u00ed k jin\u00fdm aktivit\u00e1m a relaxaci. Pln\u011b tak vyu\u017eijete zahradu po cel\u00fd rok. A nav\u00edc je prost\u011b kr\u00e1sn\u00e1!<\/p>\n<\/div>\n<\/div>\n<\/div>\n<div class=\"et_pb_row et_pb_row_2\">\n<div class=\"et_pb_column et_pb_column_1_2 et_pb_column_2 et_pb_css_mix_blend_mode_passthrough\">\n<div class=\"et_pb_module et_pb_text et_pb_text_2 et_pb_text_align_left et_pb_bg_layout_light\">\n<div class=\"et_pb_text_inner\">Poj\u00edzdn\u00e1 terasa je <strong>jedin\u00e9 zast\u0159e\u0161en\u00ed v\u00ed\u0159ivky<\/strong>, kter\u00e9 navrac\u00ed majitel\u016fm zp\u011bt prostor pozemku investovan\u00e9ho do koupac\u00ed plochy. Konstrukce je vyr\u00e1b\u011bna s ohledem na pot\u0159eby z\u00e1kazn\u00edk\u016f a poskytuje tak bezb\u0159eh\u00e9 mo\u017enosti vyu\u017eit\u00ed &#8211; pro instalaci zahradn\u00edch leh\u00e1tek nebo nap\u0159\u00edklad na <span style=\"font-size: 16px\">posezen\u00ed s grilovac\u00edm koutkem . To v\u0161e je mo\u017en\u00e9 d\u00edky unik\u00e1tn\u00ed konstrukci s v\u00fd\u0161kou pouze 30 cm, kter\u00e1 hrav\u011b udr\u017e\u00ed z\u00e1t\u011b\u017e a\u017e 150 Kg\/m2.<\/span><\/div>\n<\/div>\n<\/div>\n<\/div>\n<div class=\"et_pb_column et_pb_column_1_2 et_pb_column_2 et_pb_css_mix_blend_mode_passthrough\">\n<div class=\"et_pb_module et_pb_text et_pb_text_2 et_pb_text_align_left et_pb_bg_layout_light\">\n<div class=\"et_pb_text_inner\">\n<p>Terasa se zahradou je v\u00e1\u0161 soukrom\u00fd kus r\u00e1je \u2013 m\u00edsto kde relaxujete, kde tr\u00e1v\u00edte \u010das se sv\u00fdmi bl\u00edzk\u00fdmi a rodinou. Ka\u017ed\u00fd detail mus\u00ed spl\u0148ovat Va\u0161e o\u010dek\u00e1v\u00e1n\u00ed a p\u0159\u00e1n\u00ed. Proto je v na\u0161\u00ed nab\u00eddce nep\u0159ebern\u00e1 paleta krytin, je\u017e uspokoj\u00ed i ta nejn\u00e1ro\u010dn\u011bj\u0161\u00ed p\u0159\u00e1n\u00ed a p\u0159edstavy. <span style=\"font-size: 16px\"><strong>Volit m\u016f\u017eete z u\u0161lechtil\u00fdch p\u0159\u00edrodn\u00edch d\u0159evin, profesion\u00e1ln\u00edch wood-plastikov\u00fdch krytin nebo z velk\u00e9ho mno\u017estv\u00ed um\u011bl\u00fdch zatravn\u011bn\u00ed<\/strong>. Ka\u017ed\u00e1 terasa je pro n\u00e1s unik\u00e1tn\u00ed realizac\u00ed a v\u0161e je tak uzp\u016fsobeno pro maxim\u00e1ln\u00ed radost z v\u00fdsledku.<\/span><\/p>\n<\/div>\n<\/div>\n<\/div>\n<div class=\"et_pb_row et_pb_row_2\">\n<div class=\"et_pb_column et_pb_column_1_2 et_pb_column_2 et_pb_css_mix_blend_mode_passthrough\">\n<div class=\"et_pb_module et_pb_text et_pb_text_2 et_pb_text_align_left et_pb_bg_layout_light\">\n<div class=\"et_pb_text_inner\">\n<p>Nej\u010dast\u011bj\u0161\u00ed obavy p\u0159i po\u0159izov\u00e1n\u00ed rodinn\u00fdch zapu\u0161t\u011bn\u00fdch baz\u00e9n\u016f nebo v\u00ed\u0159ivek je <strong>bezpe\u010dnost d\u011bt\u00ed<\/strong>. Tuto starost terasov\u00e9 zast\u0159e\u0161en\u00ed pom\u00e1h\u00e1 \u0159e\u0161it d\u00edky kompaktnosti konstrukc\u00ed a bezpe\u010dnostn\u00edm prvk\u016fm, kter\u00e9 jsou sou\u010d\u00e1st\u00ed poj\u00edzdn\u00fdch teras, kter\u00e9 dod\u00e1v\u00e1me. Poj\u00edzdn\u00e9 terasa tak pln\u00ed troj\u00ed funkci: plnohodnotn\u011b kryje v\u00ed\u0159ivku v\u010detn\u011b zateplen\u00ed, designov\u011b dopl\u0148uje nemovitost a star\u00e1 se o bezpe\u010d\u00ed Va\u0161ich bl\u00edzk\u00fdch.<\/p>\n<\/div>\n<\/div>\n<\/div>\n<div class=\"et_pb_column et_pb_column_1_2 et_pb_column_3 et_pb_css_mix_blend_mode_passthrough et-last-child\">\n<div class=\"et_pb_module et_pb_text et_pb_text_3 et_pb_text_align_left et_pb_bg_layout_light\">\n<div class=\"et_pb_text_inner\">\n<div class=\"et_pb_module et_pb_text et_pb_text_5 et_pb_text_align_left et_pb_bg_layout_light\">\n<div class=\"et_pb_text_inner\">\n<p>Terasy bez motorov\u00e9ho posuvu jsou dod\u00e1v\u00e1ny se <strong>speci\u00e1ln\u00ed formu aretace<\/strong> (z\u00e1mku) pro ob\u011b polohy terasy, tedy v otev\u0159en\u00e9m i zav\u0159en\u00e9m stavu. Areta\u010dn\u00ed z\u00e1mky jsou vybaveny kl\u00ed\u010dkem \u2013 nehroz\u00ed tak necht\u011bn\u00e9 posunut\u00ed, ani zv\u00eddav\u00e9 d\u00edtko \u010di rozvern\u00fd dom\u00e1c\u00ed mazl\u00ed\u010dek nemaj\u00ed \u0161anci s terasou manipulovat bez Va\u0161eho v\u011bdom\u00ed.<\/p>\n<\/div>\n<\/div>\n<div class=\"et_pb_module et_pb_text et_pb_text_11 et_pb_text_align_left et_pb_bg_layout_light\">\n<div class=\"et_pb_text_inner\">\n<p><strong>Ve\u0161ker\u00e9 komponenty<\/strong> na\u0161ich poj\u00edzdn\u00fdch teras jsou \u00a0projektovan\u00e9 a <strong>vyr\u00e1b\u011bn\u00e9 speci\u00e1ln\u011b pro prost\u0159ed\u00ed baz\u00e9n\u016f<\/strong> a zahrad. Stejn\u011b tak je tomu i u ergonomicky tvarovan\u00fdch kolejnic bez ostr\u00fdch hran. P\u0159i do\u0161lapu bosou nohou tak nep\u016fsob\u00ed \u017e\u00e1dn\u00e9 pot\u00ed\u017ee a p\u0159i povrchov\u00e9 instalaci netvo\u0159\u00ed \u017e\u00e1dnou p\u0159ek\u00e1\u017eku v u\u017e\u00edv\u00e1n\u00ed v\u00ed\u0159ivky\/zahrady. Pro hladk\u00fd a tich\u00fd posuv jsou dod\u00e1v\u00e1na <strong>speci\u00e1ln\u00ed kole\u010dka vyr\u00e1b\u011bn\u00e1 ze silonov\u00fdch vl\u00e1ken<\/strong>. Tento materi\u00e1l m\u00e1 skv\u011bl\u00e9 vlastnosti v agresivn\u00edm prost\u0159ed\u00ed kolem baz\u00e9n\u016f a zaru\u010duje st\u00e1lou kvalitu posuvu terasy.<\/p>\n<div class=\"et_pb_column et_pb_column_1_2 et_pb_column_12 et_pb_css_mix_blend_mode_passthrough\">\n<div class=\"et_pb_module et_pb_text et_pb_text_13 et_pb_text_align_left et_pb_bg_layout_light\">\n<div class=\"et_pb_text_inner\">\n<p><strong>Po cel\u00e9m obvodu poj\u00edzdn\u00e9 terasy<\/strong> je instalov\u00e1na pry\u017eov\u00e1 lamela zabra\u0148uj\u00edc\u00ed ne\u017e\u00e1douc\u00edmu vstupu pohybov\u00e9ho apar\u00e1tu dovnit\u0159 terasy. Jakkoliv je nutn\u00e9 v\u017edy bedliv\u011b sledovat pohyb terasy, je tento prvek \u017e\u00e1douc\u00ed ochranou. Z\u00e1rove\u0148 tato kryc\u00ed lamela zabra\u0148uje ne\u010distot\u00e1m v pr\u016fniku do koupac\u00ed plochy a t\u00edm pom\u00e1h\u00e1 \u0161et\u0159it pen\u00edze za \u00fapravu a filtraci vody.<\/p>\n<\/div>\n<\/div>\n<\/div>\n<div class=\"et_pb_column et_pb_column_1_2 et_pb_column_13 et_pb_css_mix_blend_mode_passthrough et-last-child\">\n<div class=\"et_pb_column et_pb_column_1_2 et_pb_column_6 et_pb_css_mix_blend_mode_passthrough\">\n<div class=\"et_pb_module et_pb_text et_pb_text_7 et_pb_text_align_left et_pb_bg_layout_light\">\n<div class=\"et_pb_text_inner\">\n<p>Nosn\u00e1 konstrukce je vyr\u00e1b\u011bna ze \u0161pi\u010dkov\u00fdch hlin\u00edkov\u00fdch nosn\u00edk\u016f \u0161ar\u017ee EN AW-6060 T6, je\u017e garantuje nehnutou \u017eivotnost v agresivn\u00edm prost\u0159ed\u00ed s p\u0159\u00edtomnost\u00ed vody. Stejn\u011b tak je tomu u spojovac\u00edch materi\u00e1l\u016f, kdy na\u0161e v\u00fdroba pou\u017e\u00edv\u00e1 v\u00fdhradn\u011b nerezov\u00e9 komponenty t\u0159\u00eddy A4, tedy s odolnost\u00ed proti soli a slan\u00e9 vod\u011b.<\/p>\n<p>Sva\u0159ov\u00e1n\u00ed hlin\u00edkov\u00fdch profil\u016f prob\u00edh\u00e1 metodou TIG, sv\u00e1ry pak proch\u00e1zej\u00ed zkou\u0161kou pevnosti p\u0159i pravideln\u00fdch z\u00e1t\u011b\u017eov\u00fdch testech, kter\u00e9 jsou sou\u010d\u00e1st\u00ed v\u00fdroby. V\u0161e je pod\u0159\u00edzeno nosnosti a pevnosti poj\u00edzdn\u00fdch teras \u2013 na r\u00e1m poskytujeme 10 let z\u00e1ruky a na pohybliv\u00e9 a v\u00fdm\u011bnn\u00e9 sou\u010d\u00e1stky 2 roky.<\/p>\n<\/div>\n<\/div>\n<\/div>\n<div class=\"et_pb_column et_pb_column_1_2 et_pb_column_7 et_pb_css_mix_blend_mode_passthrough et-last-child\">\n<div class=\"et_pb_module et_pb_image et_pb_image_1\">\n<div class=\"et_pb_column et_pb_column_1_2 et_pb_column_3 et_pb_css_mix_blend_mode_passthrough et-last-child\">\n<div class=\"et_pb_module et_pb_text et_pb_text_3 et_pb_text_align_left et_pb_bg_layout_light\">\n<div class=\"et_pb_text_inner\">\n<p><strong>Kompletn\u011b \u010desk\u00e1 v\u00fdroba<\/strong>. V\u00fdvojov\u00e9 centrum a v\u00fdrobn\u00ed z\u00e1vod se nach\u00e1z\u00ed ve st\u0159edn\u00edch \u010cech\u00e1ch, odkud tak\u00e9 vyj\u00ed\u017ed\u011bj\u00ed poj\u00edzdn\u00e9 terasy do cel\u00e9 Evropy. Za ve\u0161kerou v\u00fdrobou stoj\u00ed dlouh\u00e9 roky v\u00fdvoje a projektov\u00e1n\u00ed \u2013 nast\u0159\u00e1dan\u00e9 zku\u0161enosti se ihned aplikuj\u00ed do projektov\u00e1n\u00ed konstrukc\u00ed teras. Na\u0161im klient\u016fm tak m\u016f\u017eeme garantovat \u0161pi\u010dkov\u00e9 produkty s dlouhodobou \u017eivotnost\u00ed. Zakl\u00e1d\u00e1me si na kvalitn\u00ed individualizovan\u00e9 v\u00fdrob\u011b, rychl\u00e9m a flexibiln\u00edm servisu a produktech navr\u017een\u00fdch p\u0159esn\u011b dle p\u0159edstav ka\u017ed\u00e9ho z\u00e1kazn\u00edka.<\/p>\n<\/div>\n<p><strong>Cena poj\u00edzdn\u00e9ho krytu v\u00ed\u0159ivky DROP bez povrchov\u00e9 krytiny \u00a0v\u010detn\u011b izolace <\/strong>\u00a0 zahrnuje mont\u00e1\u017e, instalaci a je v\u010detn\u011b 12<strong>%<\/strong> DPH v p\u0159\u00edpad\u011b dod\u00e1vky krytu s mont\u00e1\u017e\u00ed do rodinn\u00e9ho domu, kde celkov\u00e1 podlahov\u00e1 plocha nep\u0159es\u00e1hne 350m<sup>2 <\/sup>nebo bytu, kde celkov\u00e1 podlahov\u00e1 plocha nep\u0159es\u00e1hne 120m<sup>2 <\/sup>dle \u00a0\u00a748a, odst. 1 Z\u00e1kona o DPH a \u00a7121, odst. 1 z\u00e1kona \u010d. 40\/1964 Sb. Ob\u010dansk\u00e9ho z\u00e1kon\u00edku. V opa\u010dn\u00e9m p\u0159\u00edpad\u011b by se musela aplikovat sazba DPH ve v\u00fd\u0161\u0161i 21<strong>%.<\/strong><\/p>\n<p><strong>Voliteln\u00e9 p\u0159\u00edplatky\/dal\u0161\u00ed p\u0159\u00edslu\u0161enstv\u00ed:<br \/>\n<\/strong>Nosn\u00fd z\u00e1klad pro kolejnice &#8211; cena bude up\u0159esn\u011bna na z\u00e1klad\u011b skute\u010dn\u00fdch rozm\u011br\u016f, m\u016f\u017ee p\u0159ipravit investor podle specifikace.<br \/>\nPovrchov\u00e1 krytina \u2013 cena bude up\u0159esn\u011bna na z\u00e1klad\u011b skute\u010dn\u00fdch rozm\u011br\u016f a materi\u00e1lu povrchov\u00e9 krytiny.<br \/>\nMotorov\u00fd pohon.<\/p>\n<p><strong>Cena dopravy<\/strong> bude stanovena na z\u00e1klad\u011b vzd\u00e1lenosti z Kladna do m\u00edsta mont\u00e1\u017ee. Kontaktujte n\u00e1s na emailu office@anderskafka.cz nebo na tlf. \u010d\u00edsle\u00a0 777 308 585.<\/p>\n<p><strong>Objedn\u00e1te, dovezeme, smontujeme, zapoj\u00edme, uklid\u00edme.<\/strong><\/p>\n<\/div>\n<\/div>\n<\/div>\n<\/div>\n<\/div>\n<\/div>\n<\/div>\n<\/div>\n<\/div>\n<\/div>\n<\/div>\n<p>Chcete poj\u00edzdnou terasu vid\u011bt, ozkou\u0161et, prov\u011b\u0159it?\u00a0 Proto na\u0161e z\u00e1kazn\u00edky jsme vytvo\u0159ili v Praze \u0158eporyj\u00edch m\u00edsto, kde je k vid\u011bn\u00ed a ozkou\u0161en\u00ed v\u0161e &#8211; od nerezov\u00e9ho baz\u00e9nu osazen\u00e9ho \u00a0posuvnou terasou a\u017e po \u0161irokou \u0161k\u00e1lu vzork\u016f krytin. Tak na nic ne\u010dekejte a domluvte si term\u00edn osobn\u00ed sch\u016fzky s na\u0161\u00edm obchodn\u00edm z\u00e1stupcem.<\/p>\n<p>&nbsp;<\/p>\n","protected":false},"excerpt":{"rendered":"<p>Plnohodnotn\u00e1 poj\u00edzdn\u00e1 terasa, kter\u00e1 nejen zast\u0159e\u0161\u00ed a zatepl\u00ed v\u00ed\u0159ivku, ale d\u00edky sv\u00e9 nosnosti umo\u017e\u0148uje dal\u0161\u00ed vyu\u017eit\u00ed k jin\u00fdm aktivit\u00e1m a relaxaci. Pln\u011b tak vyu\u017eijete zahradu po cel\u00fd rok. A nav\u00edc je prost\u011b kr\u00e1sn\u00e1! Ka\u017ed\u00fd detail bude spl\u0148ovat Va\u0161e o\u010dek\u00e1v\u00e1n\u00ed a p\u0159\u00e1n\u00ed. Proto je v na\u0161\u00ed nab\u00eddce nep\u0159ebern\u00e1 paleta krytin, je\u017e uspokoj\u00ed i ta nejn\u00e1ro\u010dn\u011bj\u0161\u00ed p\u0159\u00e1n\u00ed a p\u0159edstavy. <span style=\"font-size: 16px\">Volit m\u016f\u017eete z u\u0161lechtil\u00fdch p\u0159\u00edrodn\u00edch d\u0159evin, profesion\u00e1ln\u00edch wood-plastikov\u00fdch krytin nebo z velk\u00e9ho mno\u017estv\u00ed um\u011bl\u00fdch zatravn\u011bn\u00ed tak, aby kryt ladil s Va\u0161\u00ed terasou nebo obkladem v\u00ed\u0159ivky.<\/span><\/p>\n<p>Navr\u017eeno, vyv\u00edjeno a vyrobeno v \u010cesk\u00e9 republice pouze z kvalitn\u00edch materi\u00e1l\u016f.<\/p>\n","protected":false},"featured_media":12616,"comment_status":"open","ping_status":"closed","template":"","meta":{"site-sidebar-layout":"default","site-content-layout":"default","ast-main-header-display":"","ast-hfb-above-header-display":"","ast-hfb-below-header-display":"","ast-hfb-mobile-header-display":"","site-post-title":"","ast-breadcrumbs-content":"","ast-featured-img":"","footer-sml-layout":"","theme-transparent-header-meta":"","adv-header-id-meta":"","stick-header-meta":"","header-above-stick-meta":"","header-main-stick-meta":"","header-below-stick-meta":""},"location":[],"product_cat":[864],"product_tag":[881],"yoast_head":"<!-- This site is optimized with the Yoast SEO plugin v18.5.1 - https:\/\/yoast.com\/wordpress\/plugins\/seo\/ -->\n<title>poj\u00edzdn\u00fd, pochoz\u00ed a zateplen\u00fd kryt v\u00ed\u0159ivky DROP \u2013 v\u010detn\u011b mont\u00e1\u017ee a instalace - Anders &amp; Kafka E-SHOP<\/title>\n<meta name=\"description\" content=\"Plnohodnotn\u00e1 poj\u00edzdn\u00e1 terasa, kter\u00e1 nejen zast\u0159e\u0161\u00ed a zatepl\u00ed v\u00ed\u0159ivku, ale d\u00edky sv\u00e9 nosnosti umo\u017e\u0148uje dal\u0161\u00ed vyu\u017eit\u00ed k jin\u00fdm aktivit\u00e1m a relaxaci. Pln\u011b tak vyu\u017eijete zahradu po cel\u00fd rok. A nav\u00edc je prost\u011b kr\u00e1sn\u00e1! Ka\u017ed\u00fd detail bude spl\u0148ovat Va\u0161e o\u010dek\u00e1v\u00e1n\u00ed a p\u0159\u00e1n\u00ed. Proto je v na\u0161\u00ed nab\u00eddce nep\u0159ebern\u00e1 paleta krytin, je\u017e uspokoj\u00ed i ta nejn\u00e1ro\u010dn\u011bj\u0161\u00ed p\u0159\u00e1n\u00ed a p\u0159edstavy. Volit m\u016f\u017eete z u\u0161lechtil\u00fdch p\u0159\u00edrodn\u00edch d\u0159evin, profesion\u00e1ln\u00edch wood-plastikov\u00fdch krytin nebo z velk\u00e9ho mno\u017estv\u00ed um\u011bl\u00fdch zatravn\u011bn\u00ed tak, aby kryt ladil s Va\u0161\u00ed terasou nebo obkladem v\u00ed\u0159ivky.  Navr\u017eeno, vyv\u00edjeno a vyrobeno v \u010cesk\u00e9 republice pouze z kvalitn\u00edch materi\u00e1l\u016f.\" \/>\n<meta name=\"robots\" content=\"index, follow, max-snippet:-1, max-image-preview:large, max-video-preview:-1\" \/>\n<link rel=\"canonical\" href=\"https:\/\/anderskafka.cz\/eshop\/produkt\/pojizdny-kryt-virivky-vcetne-kvalitni-izolace\/\" \/>\n<meta property=\"og:locale\" content=\"cs_CZ\" \/>\n<meta property=\"og:type\" content=\"article\" \/>\n<meta property=\"og:title\" content=\"poj\u00edzdn\u00fd, pochoz\u00ed a zateplen\u00fd kryt v\u00ed\u0159ivky DROP \u2013 v\u010detn\u011b mont\u00e1\u017ee a instalace - Anders &amp; Kafka E-SHOP\" \/>\n<meta property=\"og:description\" content=\"Plnohodnotn\u00e1 poj\u00edzdn\u00e1 terasa, kter\u00e1 nejen zast\u0159e\u0161\u00ed a zatepl\u00ed v\u00ed\u0159ivku, ale d\u00edky sv\u00e9 nosnosti umo\u017e\u0148uje dal\u0161\u00ed vyu\u017eit\u00ed k jin\u00fdm aktivit\u00e1m a relaxaci. Pln\u011b tak vyu\u017eijete zahradu po cel\u00fd rok. A nav\u00edc je prost\u011b kr\u00e1sn\u00e1! Ka\u017ed\u00fd detail bude spl\u0148ovat Va\u0161e o\u010dek\u00e1v\u00e1n\u00ed a p\u0159\u00e1n\u00ed. Proto je v na\u0161\u00ed nab\u00eddce nep\u0159ebern\u00e1 paleta krytin, je\u017e uspokoj\u00ed i ta nejn\u00e1ro\u010dn\u011bj\u0161\u00ed p\u0159\u00e1n\u00ed a p\u0159edstavy. Volit m\u016f\u017eete z u\u0161lechtil\u00fdch p\u0159\u00edrodn\u00edch d\u0159evin, profesion\u00e1ln\u00edch wood-plastikov\u00fdch krytin nebo z velk\u00e9ho mno\u017estv\u00ed um\u011bl\u00fdch zatravn\u011bn\u00ed tak, aby kryt ladil s Va\u0161\u00ed terasou nebo obkladem v\u00ed\u0159ivky.  Navr\u017eeno, vyv\u00edjeno a vyrobeno v \u010cesk\u00e9 republice pouze z kvalitn\u00edch materi\u00e1l\u016f.\" \/>\n<meta property=\"og:url\" content=\"https:\/\/anderskafka.cz\/eshop\/produkt\/pojizdny-kryt-virivky-vcetne-kvalitni-izolace\/\" \/>\n<meta property=\"og:site_name\" content=\"Anders &amp; Kafka E-SHOP\" \/>\n<meta property=\"article:modified_time\" content=\"2026-04-19T21:47:51+00:00\" \/>\n<meta name=\"twitter:card\" content=\"summary_large_image\" \/>\n<meta name=\"twitter:image\" content=\"https:\/\/anderskafka.cz\/eshop\/wp-content\/uploads\/sites\/3\/2023\/05\/Poji\u0301zdny\u0301-pochozi\u0301-a-zatepleny\u0301-kryt-vi\u0301r\u030civky-DROP-2.webp\" \/>\n<meta name=\"twitter:label1\" content=\"Odhadovan\u00e1 doba \u010dten\u00ed\" \/>\n\t<meta name=\"twitter:data1\" content=\"4 minuty\" \/>\n<script type=\"application\/ld+json\" class=\"yoast-schema-graph\">{\"@context\":\"https:\/\/schema.org\",\"@graph\":[{\"@type\":\"WebSite\",\"@id\":\"https:\/\/anderskafka.cz\/eshop\/#website\",\"url\":\"https:\/\/anderskafka.cz\/eshop\/\",\"name\":\"Anders &amp; Kafka E-SHOP\",\"description\":\"Anders &amp; Kafka E-SHOP\",\"potentialAction\":[{\"@type\":\"SearchAction\",\"target\":{\"@type\":\"EntryPoint\",\"urlTemplate\":\"https:\/\/anderskafka.cz\/eshop\/?s={search_term_string}\"},\"query-input\":\"required name=search_term_string\"}],\"inLanguage\":\"cs\"},{\"@type\":\"ImageObject\",\"@id\":\"https:\/\/anderskafka.cz\/eshop\/produkt\/pojizdny-kryt-virivky-vcetne-kvalitni-izolace\/#primaryimage\",\"inLanguage\":\"cs\",\"url\":\"https:\/\/anderskafka.cz\/eshop\/wp-content\/uploads\/sites\/3\/2023\/05\/Poji\u0301zdny\u0301-pochozi\u0301-a-zatepleny\u0301-kryt-vi\u0301r\u030civky-DROP-2.webp\",\"contentUrl\":\"https:\/\/anderskafka.cz\/eshop\/wp-content\/uploads\/sites\/3\/2023\/05\/Poji\u0301zdny\u0301-pochozi\u0301-a-zatepleny\u0301-kryt-vi\u0301r\u030civky-DROP-2.webp\",\"width\":1500,\"height\":1500},{\"@type\":\"WebPage\",\"@id\":\"https:\/\/anderskafka.cz\/eshop\/produkt\/pojizdny-kryt-virivky-vcetne-kvalitni-izolace\/#webpage\",\"url\":\"https:\/\/anderskafka.cz\/eshop\/produkt\/pojizdny-kryt-virivky-vcetne-kvalitni-izolace\/\",\"name\":\"poj\u00edzdn\u00fd, pochoz\u00ed a zateplen\u00fd kryt v\u00ed\u0159ivky DROP \u2013 v\u010detn\u011b mont\u00e1\u017ee a instalace - Anders &amp; Kafka E-SHOP\",\"isPartOf\":{\"@id\":\"https:\/\/anderskafka.cz\/eshop\/#website\"},\"primaryImageOfPage\":{\"@id\":\"https:\/\/anderskafka.cz\/eshop\/produkt\/pojizdny-kryt-virivky-vcetne-kvalitni-izolace\/#primaryimage\"},\"datePublished\":\"2023-05-09T14:13:15+00:00\",\"dateModified\":\"2026-04-19T21:47:51+00:00\",\"description\":\"Plnohodnotn\u00e1 poj\u00edzdn\u00e1 terasa, kter\u00e1 nejen zast\u0159e\u0161\u00ed a zatepl\u00ed v\u00ed\u0159ivku, ale d\u00edky sv\u00e9 nosnosti umo\u017e\u0148uje dal\u0161\u00ed vyu\u017eit\u00ed k jin\u00fdm aktivit\u00e1m a relaxaci. Pln\u011b tak vyu\u017eijete zahradu po cel\u00fd rok. A nav\u00edc je prost\u011b kr\u00e1sn\u00e1! Ka\u017ed\u00fd detail bude spl\u0148ovat Va\u0161e o\u010dek\u00e1v\u00e1n\u00ed a p\u0159\u00e1n\u00ed. Proto je v na\u0161\u00ed nab\u00eddce nep\u0159ebern\u00e1 paleta krytin, je\u017e uspokoj\u00ed i ta nejn\u00e1ro\u010dn\u011bj\u0161\u00ed p\u0159\u00e1n\u00ed a p\u0159edstavy. Volit m\u016f\u017eete z u\u0161lechtil\u00fdch p\u0159\u00edrodn\u00edch d\u0159evin, profesion\u00e1ln\u00edch wood-plastikov\u00fdch krytin nebo z velk\u00e9ho mno\u017estv\u00ed um\u011bl\u00fdch zatravn\u011bn\u00ed tak, aby kryt ladil s Va\u0161\u00ed terasou nebo obkladem v\u00ed\u0159ivky. Navr\u017eeno, vyv\u00edjeno a vyrobeno v \u010cesk\u00e9 republice pouze z kvalitn\u00edch materi\u00e1l\u016f.\",\"breadcrumb\":{\"@id\":\"https:\/\/anderskafka.cz\/eshop\/produkt\/pojizdny-kryt-virivky-vcetne-kvalitni-izolace\/#breadcrumb\"},\"inLanguage\":\"cs\",\"potentialAction\":[{\"@type\":\"ReadAction\",\"target\":[\"https:\/\/anderskafka.cz\/eshop\/produkt\/pojizdny-kryt-virivky-vcetne-kvalitni-izolace\/\"]}]},{\"@type\":\"BreadcrumbList\",\"@id\":\"https:\/\/anderskafka.cz\/eshop\/produkt\/pojizdny-kryt-virivky-vcetne-kvalitni-izolace\/#breadcrumb\",\"itemListElement\":[{\"@type\":\"ListItem\",\"position\":1,\"name\":\"Obchod\",\"item\":\"https:\/\/anderskafka.cz\/eshop\/obchod\/\"},{\"@type\":\"ListItem\",\"position\":2,\"name\":\"poj\u00edzdn\u00fd, pochoz\u00ed a zateplen\u00fd kryt v\u00ed\u0159ivky DROP \u2013 v\u010detn\u011b mont\u00e1\u017ee a instalace\"}]}]}<\/script>\n<!-- \/ Yoast SEO plugin. -->","yoast_head_json":{"title":"poj\u00edzdn\u00fd, pochoz\u00ed a zateplen\u00fd kryt v\u00ed\u0159ivky DROP \u2013 v\u010detn\u011b mont\u00e1\u017ee a instalace - Anders &amp; Kafka E-SHOP","description":"Plnohodnotn\u00e1 poj\u00edzdn\u00e1 terasa, kter\u00e1 nejen zast\u0159e\u0161\u00ed a zatepl\u00ed v\u00ed\u0159ivku, ale d\u00edky sv\u00e9 nosnosti umo\u017e\u0148uje dal\u0161\u00ed vyu\u017eit\u00ed k jin\u00fdm aktivit\u00e1m a relaxaci. Pln\u011b tak vyu\u017eijete zahradu po cel\u00fd rok. A nav\u00edc je prost\u011b kr\u00e1sn\u00e1! Ka\u017ed\u00fd detail bude spl\u0148ovat Va\u0161e o\u010dek\u00e1v\u00e1n\u00ed a p\u0159\u00e1n\u00ed. Proto je v na\u0161\u00ed nab\u00eddce nep\u0159ebern\u00e1 paleta krytin, je\u017e uspokoj\u00ed i ta nejn\u00e1ro\u010dn\u011bj\u0161\u00ed p\u0159\u00e1n\u00ed a p\u0159edstavy. Volit m\u016f\u017eete z u\u0161lechtil\u00fdch p\u0159\u00edrodn\u00edch d\u0159evin, profesion\u00e1ln\u00edch wood-plastikov\u00fdch krytin nebo z velk\u00e9ho mno\u017estv\u00ed um\u011bl\u00fdch zatravn\u011bn\u00ed tak, aby kryt ladil s Va\u0161\u00ed terasou nebo obkladem v\u00ed\u0159ivky.  Navr\u017eeno, vyv\u00edjeno a vyrobeno v \u010cesk\u00e9 republice pouze z kvalitn\u00edch materi\u00e1l\u016f.","robots":{"index":"index","follow":"follow","max-snippet":"max-snippet:-1","max-image-preview":"max-image-preview:large","max-video-preview":"max-video-preview:-1"},"canonical":"https:\/\/anderskafka.cz\/eshop\/produkt\/pojizdny-kryt-virivky-vcetne-kvalitni-izolace\/","og_locale":"cs_CZ","og_type":"article","og_title":"poj\u00edzdn\u00fd, pochoz\u00ed a zateplen\u00fd kryt v\u00ed\u0159ivky DROP \u2013 v\u010detn\u011b mont\u00e1\u017ee a instalace - Anders &amp; Kafka E-SHOP","og_description":"Plnohodnotn\u00e1 poj\u00edzdn\u00e1 terasa, kter\u00e1 nejen zast\u0159e\u0161\u00ed a zatepl\u00ed v\u00ed\u0159ivku, ale d\u00edky sv\u00e9 nosnosti umo\u017e\u0148uje dal\u0161\u00ed vyu\u017eit\u00ed k jin\u00fdm aktivit\u00e1m a relaxaci. Pln\u011b tak vyu\u017eijete zahradu po cel\u00fd rok. A nav\u00edc je prost\u011b kr\u00e1sn\u00e1! Ka\u017ed\u00fd detail bude spl\u0148ovat Va\u0161e o\u010dek\u00e1v\u00e1n\u00ed a p\u0159\u00e1n\u00ed. Proto je v na\u0161\u00ed nab\u00eddce nep\u0159ebern\u00e1 paleta krytin, je\u017e uspokoj\u00ed i ta nejn\u00e1ro\u010dn\u011bj\u0161\u00ed p\u0159\u00e1n\u00ed a p\u0159edstavy. Volit m\u016f\u017eete z u\u0161lechtil\u00fdch p\u0159\u00edrodn\u00edch d\u0159evin, profesion\u00e1ln\u00edch wood-plastikov\u00fdch krytin nebo z velk\u00e9ho mno\u017estv\u00ed um\u011bl\u00fdch zatravn\u011bn\u00ed tak, aby kryt ladil s Va\u0161\u00ed terasou nebo obkladem v\u00ed\u0159ivky.  Navr\u017eeno, vyv\u00edjeno a vyrobeno v \u010cesk\u00e9 republice pouze z kvalitn\u00edch materi\u00e1l\u016f.","og_url":"https:\/\/anderskafka.cz\/eshop\/produkt\/pojizdny-kryt-virivky-vcetne-kvalitni-izolace\/","og_site_name":"Anders &amp; Kafka E-SHOP","article_modified_time":"2026-04-19T21:47:51+00:00","twitter_card":"summary_large_image","twitter_image":"https:\/\/anderskafka.cz\/eshop\/wp-content\/uploads\/sites\/3\/2023\/05\/Poji\u0301zdny\u0301-pochozi\u0301-a-zatepleny\u0301-kryt-vi\u0301r\u030civky-DROP-2.webp","twitter_misc":{"Odhadovan\u00e1 doba \u010dten\u00ed":"4 minuty"},"schema":{"@context":"https:\/\/schema.org","@graph":[{"@type":"WebSite","@id":"https:\/\/anderskafka.cz\/eshop\/#website","url":"https:\/\/anderskafka.cz\/eshop\/","name":"Anders &amp; Kafka E-SHOP","description":"Anders &amp; Kafka E-SHOP","potentialAction":[{"@type":"SearchAction","target":{"@type":"EntryPoint","urlTemplate":"https:\/\/anderskafka.cz\/eshop\/?s={search_term_string}"},"query-input":"required name=search_term_string"}],"inLanguage":"cs"},{"@type":"ImageObject","@id":"https:\/\/anderskafka.cz\/eshop\/produkt\/pojizdny-kryt-virivky-vcetne-kvalitni-izolace\/#primaryimage","inLanguage":"cs","url":"https:\/\/anderskafka.cz\/eshop\/wp-content\/uploads\/sites\/3\/2023\/05\/Poji\u0301zdny\u0301-pochozi\u0301-a-zatepleny\u0301-kryt-vi\u0301r\u030civky-DROP-2.webp","contentUrl":"https:\/\/anderskafka.cz\/eshop\/wp-content\/uploads\/sites\/3\/2023\/05\/Poji\u0301zdny\u0301-pochozi\u0301-a-zatepleny\u0301-kryt-vi\u0301r\u030civky-DROP-2.webp","width":1500,"height":1500},{"@type":"WebPage","@id":"https:\/\/anderskafka.cz\/eshop\/produkt\/pojizdny-kryt-virivky-vcetne-kvalitni-izolace\/#webpage","url":"https:\/\/anderskafka.cz\/eshop\/produkt\/pojizdny-kryt-virivky-vcetne-kvalitni-izolace\/","name":"poj\u00edzdn\u00fd, pochoz\u00ed a zateplen\u00fd kryt v\u00ed\u0159ivky DROP \u2013 v\u010detn\u011b mont\u00e1\u017ee a instalace - Anders &amp; Kafka E-SHOP","isPartOf":{"@id":"https:\/\/anderskafka.cz\/eshop\/#website"},"primaryImageOfPage":{"@id":"https:\/\/anderskafka.cz\/eshop\/produkt\/pojizdny-kryt-virivky-vcetne-kvalitni-izolace\/#primaryimage"},"datePublished":"2023-05-09T14:13:15+00:00","dateModified":"2026-04-19T21:47:51+00:00","description":"Plnohodnotn\u00e1 poj\u00edzdn\u00e1 terasa, kter\u00e1 nejen zast\u0159e\u0161\u00ed a zatepl\u00ed v\u00ed\u0159ivku, ale d\u00edky sv\u00e9 nosnosti umo\u017e\u0148uje dal\u0161\u00ed vyu\u017eit\u00ed k jin\u00fdm aktivit\u00e1m a relaxaci. Pln\u011b tak vyu\u017eijete zahradu po cel\u00fd rok. A nav\u00edc je prost\u011b kr\u00e1sn\u00e1! Ka\u017ed\u00fd detail bude spl\u0148ovat Va\u0161e o\u010dek\u00e1v\u00e1n\u00ed a p\u0159\u00e1n\u00ed. Proto je v na\u0161\u00ed nab\u00eddce nep\u0159ebern\u00e1 paleta krytin, je\u017e uspokoj\u00ed i ta nejn\u00e1ro\u010dn\u011bj\u0161\u00ed p\u0159\u00e1n\u00ed a p\u0159edstavy. Volit m\u016f\u017eete z u\u0161lechtil\u00fdch p\u0159\u00edrodn\u00edch d\u0159evin, profesion\u00e1ln\u00edch wood-plastikov\u00fdch krytin nebo z velk\u00e9ho mno\u017estv\u00ed um\u011bl\u00fdch zatravn\u011bn\u00ed tak, aby kryt ladil s Va\u0161\u00ed terasou nebo obkladem v\u00ed\u0159ivky. Navr\u017eeno, vyv\u00edjeno a vyrobeno v \u010cesk\u00e9 republice pouze z kvalitn\u00edch materi\u00e1l\u016f.","breadcrumb":{"@id":"https:\/\/anderskafka.cz\/eshop\/produkt\/pojizdny-kryt-virivky-vcetne-kvalitni-izolace\/#breadcrumb"},"inLanguage":"cs","potentialAction":[{"@type":"ReadAction","target":["https:\/\/anderskafka.cz\/eshop\/produkt\/pojizdny-kryt-virivky-vcetne-kvalitni-izolace\/"]}]},{"@type":"BreadcrumbList","@id":"https:\/\/anderskafka.cz\/eshop\/produkt\/pojizdny-kryt-virivky-vcetne-kvalitni-izolace\/#breadcrumb","itemListElement":[{"@type":"ListItem","position":1,"name":"Obchod","item":"https:\/\/anderskafka.cz\/eshop\/obchod\/"},{"@type":"ListItem","position":2,"name":"poj\u00edzdn\u00fd, pochoz\u00ed a zateplen\u00fd kryt v\u00ed\u0159ivky DROP \u2013 v\u010detn\u011b mont\u00e1\u017ee a instalace"}]}]}},"locations":[],"_links":{"self":[{"href":"https:\/\/anderskafka.cz\/eshop\/wp-json\/wp\/v2\/product\/3331"}],"collection":[{"href":"https:\/\/anderskafka.cz\/eshop\/wp-json\/wp\/v2\/product"}],"about":[{"href":"https:\/\/anderskafka.cz\/eshop\/wp-json\/wp\/v2\/types\/product"}],"replies":[{"embeddable":true,"href":"https:\/\/anderskafka.cz\/eshop\/wp-json\/wp\/v2\/comments?post=3331"}],"wp:featuredmedia":[{"embeddable":true,"href":"https:\/\/anderskafka.cz\/eshop\/wp-json\/wp\/v2\/media\/12616"}],"wp:attachment":[{"href":"https:\/\/anderskafka.cz\/eshop\/wp-json\/wp\/v2\/media?parent=3331"}],"wp:term":[{"taxonomy":"location","embeddable":true,"href":"https:\/\/anderskafka.cz\/eshop\/wp-json\/wp\/v2\/location?post=3331"},{"taxonomy":"product_cat","embeddable":true,"href":"https:\/\/anderskafka.cz\/eshop\/wp-json\/wp\/v2\/product_cat?post=3331"},{"taxonomy":"product_tag","embeddable":true,"href":"https:\/\/anderskafka.cz\/eshop\/wp-json\/wp\/v2\/product_tag?post=3331"}],"curies":[{"name":"wp","href":"https:\/\/api.w.org\/{rel}","templated":true}]}}